{"id":114,"date":"2024-07-31T19:33:22","date_gmt":"2024-07-31T22:33:22","guid":{"rendered":"http:\/\/mnemocine.com.br\/?page_id=114"},"modified":"2025-10-10T21:18:35","modified_gmt":"2025-10-11T00:18:35","slug":"revista","status":"publish","type":"page","link":"https:\/\/mnemocine.com.br\/?page_id=114","title":{"rendered":"Revista"},"content":{"rendered":"\n<p><strong>Apresenta\u00e7\u00e3o<\/strong><\/p>\n\n\n\n<p><em>A&nbsp;<\/em><strong><em>Revista Mnemocine&nbsp;<\/em><\/strong><em>uma publica\u00e7\u00e3o eletr\u00f4nica gratuita de periodicidade anual e&nbsp;call for papers&nbsp;aberta a profissionais do universo audiovisual.<\/em><em><br><br>O site Mnemocine sempre publicou textos de maior densidade, tamb\u00e9m dispon\u00edveis para download.&nbsp;Buscando&nbsp;<\/em>valorizar essa produ\u00e7\u00e3o, lan\u00e7amos a&nbsp;<strong>Revista Mnemocine,<\/strong>&nbsp;<em>um projeto editorial com identidade pr\u00f3pria,&nbsp;trazendo&nbsp;entrevistas com personalidades do universo audiovisual,&nbsp;textos de docentes e pesquisadores, assim como&nbsp;de&nbsp;jovens iniciantes na cr\u00edtica e viv\u00eancia acad\u00eamica.<\/em><\/p>\n\n\n\n<p><a href=\"mailto:revista@mnemocine.com.br\">revista@mnemocine.com.br<\/a><\/p>\n\n\n\n<p class=\"has-text-align-center\"><\/p>\n\n\n\n<div class=\"wp-block-group is-horizontal is-content-justification-center is-layout-flex wp-container-core-group-is-layout-ddb39544 wp-block-group-is-layout-flex\">\n<figure class=\"wp-block-gallery has-nested-images columns-5 is-cropped wp-block-gallery-1 is-layout-flex wp-block-gallery-is-layout-flex\">\n<figure class=\"wp-block-image size-full is-style-default\"><a href=\"http:\/\/mnemocine.com.br\/wp-content\/uploads\/2024\/07\/Revista-Mnemocine-na-0.pdf\" target=\"_blank\" rel=\"noopener\"><img loading=\"lazy\" decoding=\"async\" width=\"1684\" height=\"2384\" data-id=\"127\" src=\"http:\/\/mnemocine.com.br\/wp-content\/uploads\/2024\/07\/Revista-zero.png\" alt=\"\" class=\"wp-image-127\" srcset=\"https:\/\/mnemocine.com.br\/wp-content\/uploads\/2024\/07\/Revista-zero.png 1684w, https:\/\/mnemocine.com.br\/wp-content\/uploads\/2024\/07\/Revista-zero-212x300.png 212w, https:\/\/mnemocine.com.br\/wp-content\/uploads\/2024\/07\/Revista-zero-723x1024.png 723w, https:\/\/mnemocine.com.br\/wp-content\/uploads\/2024\/07\/Revista-zero-768x1087.png 768w, https:\/\/mnemocine.com.br\/wp-content\/uploads\/2024\/07\/Revista-zero-1085x1536.png 1085w, https:\/\/mnemocine.com.br\/wp-content\/uploads\/2024\/07\/Revista-zero-1447x2048.png 1447w\" sizes=\"auto, (max-width: 1684px) 100vw, 1684px\" \/><\/a><\/figure>\n\n\n\n<figure class=\"wp-block-image size-full\"><a href=\"http:\/\/mnemocine.com.br\/wp-content\/uploads\/2024\/07\/Revista-Mnemocine-na-1.pdf\" target=\"_blank\" rel=\"noopener\"><img loading=\"lazy\" decoding=\"async\" width=\"1682\" height=\"2382\" data-id=\"128\" src=\"http:\/\/mnemocine.com.br\/wp-content\/uploads\/2024\/07\/Revista-um.png\" alt=\"\" class=\"wp-image-128\" srcset=\"https:\/\/mnemocine.com.br\/wp-content\/uploads\/2024\/07\/Revista-um.png 1682w, https:\/\/mnemocine.com.br\/wp-content\/uploads\/2024\/07\/Revista-um-212x300.png 212w, https:\/\/mnemocine.com.br\/wp-content\/uploads\/2024\/07\/Revista-um-723x1024.png 723w, https:\/\/mnemocine.com.br\/wp-content\/uploads\/2024\/07\/Revista-um-768x1088.png 768w, https:\/\/mnemocine.com.br\/wp-content\/uploads\/2024\/07\/Revista-um-1085x1536.png 1085w, https:\/\/mnemocine.com.br\/wp-content\/uploads\/2024\/07\/Revista-um-1446x2048.png 1446w\" sizes=\"auto, (max-width: 1682px) 100vw, 1682px\" \/><\/a><\/figure>\n\n\n\n<figure class=\"wp-block-image size-full\"><a href=\"http:\/\/mnemocine.com.br\/wp-content\/uploads\/2024\/07\/Revista-Mnemocine-na-2.pdf\" target=\"_blank\" rel=\"noopener\"><img loading=\"lazy\" decoding=\"async\" width=\"1680\" height=\"2378\" data-id=\"131\" src=\"http:\/\/mnemocine.com.br\/wp-content\/uploads\/2024\/07\/Revista-dois.png\" alt=\"\" class=\"wp-image-131\" srcset=\"https:\/\/mnemocine.com.br\/wp-content\/uploads\/2024\/07\/Revista-dois.png 1680w, https:\/\/mnemocine.com.br\/wp-content\/uploads\/2024\/07\/Revista-dois-212x300.png 212w, https:\/\/mnemocine.com.br\/wp-content\/uploads\/2024\/07\/Revista-dois-723x1024.png 723w, https:\/\/mnemocine.com.br\/wp-content\/uploads\/2024\/07\/Revista-dois-768x1087.png 768w, https:\/\/mnemocine.com.br\/wp-content\/uploads\/2024\/07\/Revista-dois-1085x1536.png 1085w, https:\/\/mnemocine.com.br\/wp-content\/uploads\/2024\/07\/Revista-dois-1447x2048.png 1447w\" sizes=\"auto, (max-width: 1680px) 100vw, 1680px\" \/><\/a><\/figure>\n\n\n\n<figure class=\"wp-block-image size-full\"><a href=\"http:\/\/mnemocine.com.br\/wp-content\/uploads\/2024\/07\/Revista-Mnemocine-n-3.pdf\" target=\"_blank\" rel=\"noopener\"><img loading=\"lazy\" decoding=\"async\" width=\"1676\" height=\"2378\" data-id=\"129\" src=\"http:\/\/mnemocine.com.br\/wp-content\/uploads\/2024\/07\/Revista-tres.png\" alt=\"\" class=\"wp-image-129\" srcset=\"https:\/\/mnemocine.com.br\/wp-content\/uploads\/2024\/07\/Revista-tres.png 1676w, https:\/\/mnemocine.com.br\/wp-content\/uploads\/2024\/07\/Revista-tres-211x300.png 211w, https:\/\/mnemocine.com.br\/wp-content\/uploads\/2024\/07\/Revista-tres-722x1024.png 722w, https:\/\/mnemocine.com.br\/wp-content\/uploads\/2024\/07\/Revista-tres-768x1090.png 768w, https:\/\/mnemocine.com.br\/wp-content\/uploads\/2024\/07\/Revista-tres-1083x1536.png 1083w, https:\/\/mnemocine.com.br\/wp-content\/uploads\/2024\/07\/Revista-tres-1443x2048.png 1443w\" sizes=\"auto, (max-width: 1676px) 100vw, 1676px\" \/><\/a><\/figure>\n\n\n\n<figure class=\"wp-block-image size-full is-style-default\"><a href=\"http:\/\/mnemocine.com.br\/wp-content\/uploads\/2024\/07\/Revista-Mnemo-04.pdf\" target=\"_blank\" rel=\"noopener\"><img loading=\"lazy\" decoding=\"async\" width=\"1678\" height=\"2370\" data-id=\"130\" src=\"http:\/\/mnemocine.com.br\/wp-content\/uploads\/2024\/07\/Revista-quatro.png\" alt=\"\" class=\"wp-image-130\" srcset=\"https:\/\/mnemocine.com.br\/wp-content\/uploads\/2024\/07\/Revista-quatro.png 1678w, https:\/\/mnemocine.com.br\/wp-content\/uploads\/2024\/07\/Revista-quatro-212x300.png 212w, https:\/\/mnemocine.com.br\/wp-content\/uploads\/2024\/07\/Revista-quatro-725x1024.png 725w, https:\/\/mnemocine.com.br\/wp-content\/uploads\/2024\/07\/Revista-quatro-768x1085.png 768w, https:\/\/mnemocine.com.br\/wp-content\/uploads\/2024\/07\/Revista-quatro-1088x1536.png 1088w, https:\/\/mnemocine.com.br\/wp-content\/uploads\/2024\/07\/Revista-quatro-1450x2048.png 1450w\" sizes=\"auto, (max-width: 1678px) 100vw, 1678px\" \/><\/a><\/figure>\n<\/figure>\n<\/div>\n\n\n\n<p class=\"has-text-align-center\">Clique na imagem para fazer download da revista<\/p>\n\n\n\n<p><strong>ISSN 1980 6590<\/strong>&nbsp;<\/p>\n\n\n\n<p><strong><br><\/strong><strong>Editores<\/strong>:<\/p>\n\n\n\n<p>Andr\u00e9 Piero Gatti, Flavio Brito e Humberto Pereira da Silva<\/p>\n\n\n\n<p><strong>Conselho editorial:<\/strong><\/p>\n\n\n\n<p>Arthur Autran&nbsp;&nbsp;&#8211;&nbsp;Universidade Federal do S\u00e3o Carlos<\/p>\n\n\n\n<p>Carlos Alberto Mattos &#8211;&nbsp;blog Rastros de Carmattos&nbsp;<\/p>\n\n\n\n<p>Carla Miucci &#8211;&nbsp;Universidade Federal de Uberl\u00e2ndia<\/p>\n\n\n\n<p>Filipe Salles &#8211; UNICAMP<\/p>\n\n\n\n<p>Ivonete Pinto &#8211; Universidade Federal de Pelotas<\/p>\n\n\n\n<p>Jos\u00e9 Inacio Melo Souza &#8211; Cinemateca Brasileira<\/p>\n\n\n\n<p>Mar\u00edlia Franco &#8211; Universidade de S\u00e3o Paulo<\/p>\n\n\n\n<p>Sheila Schvarzman &#8211; Universidade&nbsp;Anhembi-Morumbi<\/p>\n","protected":false},"excerpt":{"rendered":"<p>Apresenta\u00e7\u00e3o A&nbsp;Revista Mnemocine&nbsp;uma publica\u00e7\u00e3o eletr\u00f4nica gratuita de periodicidade anual e&nbsp;call for papers&nbsp;aberta a profissionais do universo audiovisual. O site Mnemocine sempre publicou textos de maior densidade, tamb\u00e9m dispon\u00edveis para download.&nbsp;Buscando&nbsp;valorizar essa produ\u00e7\u00e3o, lan\u00e7amos a&nbsp;Revista Mnemocine,&nbsp;um projeto editorial com identidade pr\u00f3pria,&nbsp;trazendo&nbsp;entrevistas com personalidades do universo audiovisual,&nbsp;textos de docentes e pesquisadores, assim como&nbsp;de&nbsp;jovens iniciantes na cr\u00edtica e [&hellip;]<\/p>\n","protected":false},"author":1,"featured_media":0,"parent":0,"menu_order":0,"comment_status":"closed","ping_status":"closed","template":"","meta":{"_monsterinsights_skip_tracking":false,"_monsterinsights_sitenote_active":false,"_monsterinsights_sitenote_note":"","_monsterinsights_sitenote_category":0,"footnotes":""},"class_list":["post-114","page","type-page","status-publish","hentry"],"jetpack_sharing_enabled":true,"_links":{"self":[{"href":"https:\/\/mnemocine.com.br\/index.php?rest_route=\/wp\/v2\/pages\/114","targetHints":{"allow":["GET"]}}],"collection":[{"href":"https:\/\/mnemocine.com.br\/index.php?rest_route=\/wp\/v2\/pages"}],"about":[{"href":"https:\/\/mnemocine.com.br\/index.php?rest_route=\/wp\/v2\/types\/page"}],"author":[{"embeddable":true,"href":"https:\/\/mnemocine.com.br\/index.php?rest_route=\/wp\/v2\/users\/1"}],"replies":[{"embeddable":true,"href":"https:\/\/mnemocine.com.br\/index.php?rest_route=%2Fwp%2Fv2%2Fcomments&post=114"}],"version-history":[{"count":24,"href":"https:\/\/mnemocine.com.br\/index.php?rest_route=\/wp\/v2\/pages\/114\/revisions"}],"predecessor-version":[{"id":1022,"href":"https:\/\/mnemocine.com.br\/index.php?rest_route=\/wp\/v2\/pages\/114\/revisions\/1022"}],"wp:attachment":[{"href":"https:\/\/mnemocine.com.br\/index.php?rest_route=%2Fwp%2Fv2%2Fmedia&parent=114"}],"curies":[{"name":"wp","href":"https:\/\/api.w.org\/{rel}","templated":true}]}}